{"id":3,"date":"2020-12-11T09:48:09","date_gmt":"2020-12-11T08:48:09","guid":{"rendered":"https:\/\/decolab.ch\/?page_id=3"},"modified":"2023-08-17T11:21:39","modified_gmt":"2023-08-17T09:21:39","slug":"politique-de-confidentialite","status":"publish","type":"page","link":"https:\/\/decolab.ch\/fr\/politique-de-confidentialite\/","title":{"rendered":"Politique de confidentialit\u00e9"},"content":{"rendered":"<p>&nbsp;<\/p>\n<p>Ce site web est sous la responsabilit\u00e9 de son repr\u00e9sentant l\u00e9gal.<br \/>\nPour tous renseignements, reportez vous \u00e0 la page contact de ce site web.<\/p>\n<p>Le fait d\u2019acc\u00e9der et de naviguer sur le pr\u00e9sent site constitue de la part de l\u2019internaute une acceptation sans r\u00e9serve des pr\u00e9cisions mentionn\u00e9es dans les articles suivants :<\/p>\n<p>Ne fonctionnent plus<\/p>\n<h2>Mentions<\/h2>\n<p>[decolab.ch] se r\u00e9serve le droit de modifier le contenu de ce site Web de quelle que fa\u00e7on que ce soit, \u00e0 tout moment et pour n\u2019importe quelle raison, et ce, sans notification pr\u00e9alable particuli\u00e8re. La repr\u00e9sentant de ce site ne pourra \u00eatre tenu pour responsable, de quelle que mani\u00e8re que ce soit, des cons\u00e9quences de telles modifications.<\/p>\n<h2>Non divulgation des informations<\/h2>\n<p>[decolab.ch] s\u2019engage \u00e0 ne pas vendre, partager, ni divulguer vos donn\u00e9es personnelles. Cependant, ces donn\u00e9es peuvent \u00eatre occasionnellement utilis\u00e9es dans le cadre de notre site afin de vous faire parvenir des informations diverses.<\/p>\n<p>Le pr\u00e9sent site web recueille des donn\u00e9es personnelles uniquement dans le but de fournir les prestations demand\u00e9es par l\u2019utilisateur (p. ex. commandes, devis, questions adress\u00e9es par courrier \u00e9lectronique, inscription \u00e0 une newsletter,..). Ces donn\u00e9es sont trait\u00e9es de mani\u00e8re confidentielle et ne sont pas transmises \u00e0 des tiers. Elles ne sont conserv\u00e9es que dans le but pour lequel elles ont \u00e9t\u00e9 collect\u00e9es.<\/p>\n<p>Ce site utilise des cookies \u00e0 des fins statistiques par l\u2019interm\u00e9diaire de Google Analytics (USA). Les donn\u00e9es recueillies sont anonymis\u00e9es.<\/p>\n<h2>Propri\u00e9t\u00e9 intellectuelle<\/h2>\n<p>Le Code de la propri\u00e9t\u00e9 intellectuelle est applicable \u00e0 la protection des sites web.<\/p>\n<p>Les fichiers contenus dans le pr\u00e9sent site, les photos et la forme de pr\u00e9sentation (code), restent la propri\u00e9t\u00e9 exclusive de [decolab.ch]. Cet ensemble d\u2019\u00e9l\u00e9ments constitue le caract\u00e8re particulier et original du pr\u00e9sent site.<\/p>\n<p>Les logos et marques, toutes soci\u00e9t\u00e9s et produits cit\u00e9s dans le site, sont la propri\u00e9t\u00e9 respective de leurs auteurs. Sauf autorisation expresse de l\u2019auteur, aucun logo, \u00e9l\u00e9ment graphique, photo, ou image provenant du site [decolab.ch]\u00a0ne peut \u00eatre copi\u00e9 ou imit\u00e9 en tout ou partie \u00e0 des fins commerciales ou \u00eatre diffus\u00e9.<\/p>\n<p>Sont express\u00e9ment interdites toute repr\u00e9sentation et\/ou reproduction, de tout ou partie de ce site et\/ou de l\u2019un de ses \u00e9l\u00e9ments par la pr\u00e9sentation d\u2019une page de ce site dans un cadre n\u2019appartenant pas au pr\u00e9sent site web (par la technique du\u00a0<em>framing<\/em>) ou par l\u2019insertion d\u2019une image appartenant \u00e0, ou faisant partie du pr\u00e9sent site internet dans une page n\u2019appartenant pas \u00e0 [decolab.ch] (par la technique du\u00a0<em>in-line linking<\/em>).<\/p>\n<p>Ces documents ne doivent \u00eatre copi\u00e9s ou diffus\u00e9s sur un r\u00e9seau d\u2019ordinateurs ou sur tout autre m\u00e9dia ou supports \u00e0 valeur contractuelle et commerciale.<\/p>\n<p>Le site [decolab.ch] est prot\u00e9g\u00e9 par la r\u00e9glementation applicable \u00e0 la concurrence d\u00e9loyale. Toute reproduction et diffusion, m\u00eame partielle, par quel que proc\u00e9d\u00e9 que ce soit, \u00e0 titre commercial, on\u00e9reux ou gratuit, sans le consentement d\u2019[decolab.ch] constitue une contrefa\u00e7on passible des peines pr\u00e9vues par la loi. Toute personne ne respectant pas les dispositions l\u00e9gales applicables se rend coupable du d\u00e9lit de contrefa\u00e7on et est passible des sanctions p\u00e9nales pr\u00e9vues par la loi.<\/p>\n<p>&nbsp;<\/p>\n","protected":false},"excerpt":{"rendered":"<p>&nbsp; Ce site web est sous la responsabilit\u00e9 de son repr\u00e9sentant l\u00e9gal. Pour tous renseignements, reportez vous \u00e0 la page contact de ce site web. Le fait d\u2019acc\u00e9der et de naviguer sur le pr\u00e9sent site constitue de la part de l\u2019internaute une acceptation sans r\u00e9serve des pr\u00e9cisions mentionn\u00e9es dans les articles suivants : Ne fonctionnent [&hellip;]<\/p>\n","protected":false},"author":1,"featured_media":0,"parent":0,"menu_order":0,"comment_status":"closed","ping_status":"open","template":"","meta":{"_acf_changed":false,"inline_featured_image":false,"footnotes":""},"class_list":["post-3","page","type-page","status-publish","hentry"],"acf":[],"yoast_head":"<!-- This site is optimized with the Yoast SEO plugin v28.0 - https:\/\/yoast.com\/product\/yoast-seo-wordpress\/ -->\n<title>Politique de confidentialit\u00e9 - decolab<\/title>\n<meta name=\"robots\" content=\"index, follow, max-snippet:-1, max-image-preview:large, max-video-preview:-1\" \/>\n<link rel=\"canonical\" href=\"https:\/\/decolab.ch\/fr\/politique-de-confidentialite\/\" \/>\n<meta property=\"og:locale\" content=\"fr_FR\" \/>\n<meta property=\"og:type\" content=\"article\" \/>\n<meta property=\"og:title\" content=\"Politique de confidentialit\u00e9 - decolab\" \/>\n<meta property=\"og:description\" content=\"&nbsp; Ce site web est sous la responsabilit\u00e9 de son repr\u00e9sentant l\u00e9gal. Pour tous renseignements, reportez vous \u00e0 la page contact de ce site web. Le fait d\u2019acc\u00e9der et de naviguer sur le pr\u00e9sent site constitue de la part de l\u2019internaute une acceptation sans r\u00e9serve des pr\u00e9cisions mentionn\u00e9es dans les articles suivants : Ne fonctionnent [&hellip;]\" \/>\n<meta property=\"og:url\" content=\"https:\/\/decolab.ch\/fr\/politique-de-confidentialite\/\" \/>\n<meta property=\"og:site_name\" content=\"decolab\" \/>\n<meta property=\"article:publisher\" content=\"https:\/\/www.facebook.com\/decolab.ch\" \/>\n<meta property=\"article:modified_time\" content=\"2023-08-17T09:21:39+00:00\" \/>\n<meta property=\"og:image\" content=\"https:\/\/decolab.ch\/wp-content\/uploads\/2021\/05\/Decolab_db_logo_Vector-1.png\" \/>\n\t<meta property=\"og:image:width\" content=\"200\" \/>\n\t<meta property=\"og:image:height\" content=\"250\" \/>\n\t<meta property=\"og:image:type\" content=\"image\/png\" \/>\n<script type=\"application\/ld+json\" class=\"yoast-schema-graph\">{\"@context\":\"https:\\\/\\\/schema.org\",\"@graph\":[{\"@type\":\"WebPage\",\"@id\":\"https:\\\/\\\/decolab.ch\\\/fr\\\/politique-de-confidentialite\\\/\",\"url\":\"https:\\\/\\\/decolab.ch\\\/fr\\\/politique-de-confidentialite\\\/\",\"name\":\"Politique de confidentialit\u00e9 - decolab\",\"isPartOf\":{\"@id\":\"https:\\\/\\\/decolab.ch\\\/fr\\\/#website\"},\"datePublished\":\"2020-12-11T08:48:09+00:00\",\"dateModified\":\"2023-08-17T09:21:39+00:00\",\"breadcrumb\":{\"@id\":\"https:\\\/\\\/decolab.ch\\\/fr\\\/politique-de-confidentialite\\\/#breadcrumb\"},\"inLanguage\":\"fr-FR\",\"potentialAction\":[{\"@type\":\"ReadAction\",\"target\":[\"https:\\\/\\\/decolab.ch\\\/fr\\\/politique-de-confidentialite\\\/\"]}]},{\"@type\":\"BreadcrumbList\",\"@id\":\"https:\\\/\\\/decolab.ch\\\/fr\\\/politique-de-confidentialite\\\/#breadcrumb\",\"itemListElement\":[{\"@type\":\"ListItem\",\"position\":1,\"name\":\"Accueil\",\"item\":\"https:\\\/\\\/decolab.ch\\\/fr\\\/\"},{\"@type\":\"ListItem\",\"position\":2,\"name\":\"Politique de confidentialit\u00e9\"}]},{\"@type\":\"WebSite\",\"@id\":\"https:\\\/\\\/decolab.ch\\\/fr\\\/#website\",\"url\":\"https:\\\/\\\/decolab.ch\\\/fr\\\/\",\"name\":\"decolab\",\"description\":\"Sp\u00e9cialiste de la d\u00e9coration d&#039;int\u00e9rieur et pose de plafonds tendus\",\"publisher\":{\"@id\":\"https:\\\/\\\/decolab.ch\\\/fr\\\/#organization\"},\"alternateName\":\"decolab : D\u00e9coration d'int\u00e9rieur et plafond tendus\",\"potentialAction\":[{\"@type\":\"SearchAction\",\"target\":{\"@type\":\"EntryPoint\",\"urlTemplate\":\"https:\\\/\\\/decolab.ch\\\/fr\\\/?s={search_term_string}\"},\"query-input\":{\"@type\":\"PropertyValueSpecification\",\"valueRequired\":true,\"valueName\":\"search_term_string\"}}],\"inLanguage\":\"fr-FR\"},{\"@type\":\"Organization\",\"@id\":\"https:\\\/\\\/decolab.ch\\\/fr\\\/#organization\",\"name\":\"decolab\",\"alternateName\":\"Decolab : D\u00e9coration d'int\u00e9rieur et pose de plafonds tendus\",\"url\":\"https:\\\/\\\/decolab.ch\\\/fr\\\/\",\"logo\":{\"@type\":\"ImageObject\",\"inLanguage\":\"fr-FR\",\"@id\":\"https:\\\/\\\/decolab.ch\\\/fr\\\/#\\\/schema\\\/logo\\\/image\\\/\",\"url\":\"https:\\\/\\\/decolab.ch\\\/wp-content\\\/uploads\\\/2021\\\/05\\\/Decolab_db_logo_Vector-1.png\",\"contentUrl\":\"https:\\\/\\\/decolab.ch\\\/wp-content\\\/uploads\\\/2021\\\/05\\\/Decolab_db_logo_Vector-1.png\",\"width\":200,\"height\":250,\"caption\":\"decolab\"},\"image\":{\"@id\":\"https:\\\/\\\/decolab.ch\\\/fr\\\/#\\\/schema\\\/logo\\\/image\\\/\"},\"sameAs\":[\"https:\\\/\\\/www.facebook.com\\\/decolab.ch\"]}]}<\/script>\n<!-- \/ Yoast SEO plugin. -->","yoast_head_json":{"title":"Politique de confidentialit\u00e9 - decolab","robots":{"index":"index","follow":"follow","max-snippet":"max-snippet:-1","max-image-preview":"max-image-preview:large","max-video-preview":"max-video-preview:-1"},"canonical":"https:\/\/decolab.ch\/fr\/politique-de-confidentialite\/","og_locale":"fr_FR","og_type":"article","og_title":"Politique de confidentialit\u00e9 - decolab","og_description":"&nbsp; Ce site web est sous la responsabilit\u00e9 de son repr\u00e9sentant l\u00e9gal. Pour tous renseignements, reportez vous \u00e0 la page contact de ce site web. Le fait d\u2019acc\u00e9der et de naviguer sur le pr\u00e9sent site constitue de la part de l\u2019internaute une acceptation sans r\u00e9serve des pr\u00e9cisions mentionn\u00e9es dans les articles suivants : Ne fonctionnent [&hellip;]","og_url":"https:\/\/decolab.ch\/fr\/politique-de-confidentialite\/","og_site_name":"decolab","article_publisher":"https:\/\/www.facebook.com\/decolab.ch","article_modified_time":"2023-08-17T09:21:39+00:00","og_image":[{"width":200,"height":250,"url":"https:\/\/decolab.ch\/wp-content\/uploads\/2021\/05\/Decolab_db_logo_Vector-1.png","type":"image\/png"}],"schema":{"@context":"https:\/\/schema.org","@graph":[{"@type":"WebPage","@id":"https:\/\/decolab.ch\/fr\/politique-de-confidentialite\/","url":"https:\/\/decolab.ch\/fr\/politique-de-confidentialite\/","name":"Politique de confidentialit\u00e9 - decolab","isPartOf":{"@id":"https:\/\/decolab.ch\/fr\/#website"},"datePublished":"2020-12-11T08:48:09+00:00","dateModified":"2023-08-17T09:21:39+00:00","breadcrumb":{"@id":"https:\/\/decolab.ch\/fr\/politique-de-confidentialite\/#breadcrumb"},"inLanguage":"fr-FR","potentialAction":[{"@type":"ReadAction","target":["https:\/\/decolab.ch\/fr\/politique-de-confidentialite\/"]}]},{"@type":"BreadcrumbList","@id":"https:\/\/decolab.ch\/fr\/politique-de-confidentialite\/#breadcrumb","itemListElement":[{"@type":"ListItem","position":1,"name":"Accueil","item":"https:\/\/decolab.ch\/fr\/"},{"@type":"ListItem","position":2,"name":"Politique de confidentialit\u00e9"}]},{"@type":"WebSite","@id":"https:\/\/decolab.ch\/fr\/#website","url":"https:\/\/decolab.ch\/fr\/","name":"decolab","description":"Sp\u00e9cialiste de la d\u00e9coration d&#039;int\u00e9rieur et pose de plafonds tendus","publisher":{"@id":"https:\/\/decolab.ch\/fr\/#organization"},"alternateName":"decolab : D\u00e9coration d'int\u00e9rieur et plafond tendus","potentialAction":[{"@type":"SearchAction","target":{"@type":"EntryPoint","urlTemplate":"https:\/\/decolab.ch\/fr\/?s={search_term_string}"},"query-input":{"@type":"PropertyValueSpecification","valueRequired":true,"valueName":"search_term_string"}}],"inLanguage":"fr-FR"},{"@type":"Organization","@id":"https:\/\/decolab.ch\/fr\/#organization","name":"decolab","alternateName":"Decolab : D\u00e9coration d'int\u00e9rieur et pose de plafonds tendus","url":"https:\/\/decolab.ch\/fr\/","logo":{"@type":"ImageObject","inLanguage":"fr-FR","@id":"https:\/\/decolab.ch\/fr\/#\/schema\/logo\/image\/","url":"https:\/\/decolab.ch\/wp-content\/uploads\/2021\/05\/Decolab_db_logo_Vector-1.png","contentUrl":"https:\/\/decolab.ch\/wp-content\/uploads\/2021\/05\/Decolab_db_logo_Vector-1.png","width":200,"height":250,"caption":"decolab"},"image":{"@id":"https:\/\/decolab.ch\/fr\/#\/schema\/logo\/image\/"},"sameAs":["https:\/\/www.facebook.com\/decolab.ch"]}]}},"_links":{"self":[{"href":"https:\/\/decolab.ch\/fr\/wp-json\/wp\/v2\/pages\/3","targetHints":{"allow":["GET"]}}],"collection":[{"href":"https:\/\/decolab.ch\/fr\/wp-json\/wp\/v2\/pages"}],"about":[{"href":"https:\/\/decolab.ch\/fr\/wp-json\/wp\/v2\/types\/page"}],"author":[{"embeddable":true,"href":"https:\/\/decolab.ch\/fr\/wp-json\/wp\/v2\/users\/1"}],"replies":[{"embeddable":true,"href":"https:\/\/decolab.ch\/fr\/wp-json\/wp\/v2\/comments?post=3"}],"version-history":[{"count":0,"href":"https:\/\/decolab.ch\/fr\/wp-json\/wp\/v2\/pages\/3\/revisions"}],"wp:attachment":[{"href":"https:\/\/decolab.ch\/fr\/wp-json\/wp\/v2\/media?parent=3"}],"curies":[{"name":"wp","href":"https:\/\/api.w.org\/{rel}","templated":true}]}}